{"id":107,"date":"2023-09-17T18:35:24","date_gmt":"2023-09-17T16:35:24","guid":{"rendered":"https:\/\/www.droit-dentaire.fr\/?page_id=107"},"modified":"2026-01-09T21:29:38","modified_gmt":"2026-01-09T20:29:38","slug":"actu-veille","status":"publish","type":"page","link":"https:\/\/www.droit-dentaire.fr\/index.php\/actu-veille\/","title":{"rendered":"Actu \/ Veille"},"content":{"rendered":"\n<div class=\"wp-block-media-text alignwide has-media-on-the-right is-stacked-on-mobile\" style=\"grid-template-columns:auto 35%\"><div class=\"wp-block-media-text__content\">\n<h2 class=\"wp-block-heading\">Les articles<\/h2>\n\n\n\n<p>Retrouvez les derni\u00e8res actualit\u00e9s et la veille juridique en mati\u00e8re de chirurgie-dentaire sur cette page.<\/p>\n\n\n\n<p>Les publications sont class\u00e9es en diff\u00e9rentes cat\u00e9gories : veille juridique, actualit\u00e9s, formation.<\/p>\n<\/div><figure class=\"wp-block-media-text__media\"><img loading=\"lazy\" decoding=\"async\" width=\"1000\" height=\"1000\" src=\"https:\/\/www.droit-dentaire.fr\/wp-content\/uploads\/2023\/09\/Avion.png\" alt=\"\" class=\"wp-image-142 size-full\" srcset=\"https:\/\/www.droit-dentaire.fr\/wp-content\/uploads\/2023\/09\/Avion.png 1000w, https:\/\/www.droit-dentaire.fr\/wp-content\/uploads\/2023\/09\/Avion-300x300.png 300w, https:\/\/www.droit-dentaire.fr\/wp-content\/uploads\/2023\/09\/Avion-150x150.png 150w, https:\/\/www.droit-dentaire.fr\/wp-content\/uploads\/2023\/09\/Avion-768x768.png 768w\" sizes=\"auto, (max-width: 1000px) 100vw, 1000px\" \/><\/figure><\/div>\n\n\n\n<h3 class=\"wp-block-heading alignwide has-text-align-left\">La veille juridique<\/h3>\n\n\n\n<div class=\"wp-block-columns alignwide is-layout-flex wp-container-core-columns-is-layout-28f84493 wp-block-columns-is-layout-flex\">\n<div class=\"wp-block-column is-layout-flow wp-block-column-is-layout-flow\"><ul class=\"wp-block-latest-posts__list is-grid columns-2 has-dates wp-block-latest-posts\"><li><a class=\"wp-block-latest-posts__post-title\" href=\"https:\/\/www.droit-dentaire.fr\/index.php\/2026\/04\/21\/veille-cheres-protheses\/\">[Veille] Ch\u00e8re proth\u00e8se<\/a><time datetime=\"2026-04-21T19:37:00+02:00\" class=\"wp-block-latest-posts__post-date\">21 avril 2026<\/time><div class=\"wp-block-latest-posts__post-excerpt\">Une proth\u00e8se dentaire mal adapt\u00e9e peut-elle suffire \u00e0 engager la responsabilit\u00e9 civile d\u2019un chirurgien-dentiste ? Oui, comme l&rsquo;illustre une r\u00e9cente d\u00e9cision du Tribunal judiciaire de Valence. En cause : une proth\u00e8se compl\u00e8te maxillaire instable, source de deux ans de g\u00eane fonctionnelle et de pr\u00e9judices pour le patient, reconnus par le juge.<\/div><\/li>\n<li><a class=\"wp-block-latest-posts__post-title\" href=\"https:\/\/www.droit-dentaire.fr\/index.php\/2026\/04\/03\/veille-remplacement-houleux\/\">[Veille] Remplacement houleux<\/a><time datetime=\"2026-04-03T22:01:23+02:00\" class=\"wp-block-latest-posts__post-date\">3 avril 2026<\/time><div class=\"wp-block-latest-posts__post-excerpt\">La d\u00e9marche de remplacement d&rsquo;un chirurgien-dentiste par un autre, dans le cadre d&rsquo;une activit\u00e9 lib\u00e9rale, se mat\u00e9rialise en premier lieu par un contrat. Comme toute relation contractuelle, celle-ci peut donner lieu \u00e0 des conflits et conduire les praticiens devant les tribunaux. Un r\u00e9cent contentieux permet de tirer des enseignements utiles \u00e0 la pr\u00e9vention des litiges.\u2026 <a class=\"wp-block-latest-posts__read-more\" href=\"https:\/\/www.droit-dentaire.fr\/index.php\/2026\/04\/03\/veille-remplacement-houleux\/\" rel=\"noopener noreferrer\">Lire la suite<span class=\"screen-reader-text\">\u00a0: [Veille] Remplacement houleux<\/span><\/a><\/div><\/li>\n<li><a class=\"wp-block-latest-posts__post-title\" href=\"https:\/\/www.droit-dentaire.fr\/index.php\/2026\/02\/18\/veille-conflictualite\/\">[Veille] Conflictualit\u00e9<\/a><time datetime=\"2026-02-18T18:48:00+01:00\" class=\"wp-block-latest-posts__post-date\">18 f\u00e9vrier 2026<\/time><div class=\"wp-block-latest-posts__post-excerpt\">Une action civile mal fond\u00e9e contre un magistrat de l&rsquo;ordre administratif : le Tribunal judiciaire de Paris renvoie l\u2019avocat \u00e0 mieux se pourvoir<\/div><\/li>\n<li><a class=\"wp-block-latest-posts__post-title\" href=\"https:\/\/www.droit-dentaire.fr\/index.php\/2026\/02\/12\/veille-varia-fevrier-2026\/\">[Veille] Varia &#8211; F\u00e9vrier 2026<\/a><time datetime=\"2026-02-12T19:15:20+01:00\" class=\"wp-block-latest-posts__post-date\">12 f\u00e9vrier 2026<\/time><div class=\"wp-block-latest-posts__post-excerpt\">Une s\u00e9lection de d\u00e9cisions de justice en lien avec la chirurgie dentaire concernant le mois de f\u00e9vrier 2026.<\/div><\/li>\n<li><a class=\"wp-block-latest-posts__post-title\" href=\"https:\/\/www.droit-dentaire.fr\/index.php\/2026\/02\/04\/veille-a-good-deal\/\">[Veille] A good deal !<\/a><time datetime=\"2026-02-04T19:47:30+01:00\" class=\"wp-block-latest-posts__post-date\">4 f\u00e9vrier 2026<\/time><div class=\"wp-block-latest-posts__post-excerpt\">Le tribunal judiciaire de Paris rappelle que le titulaire d\u2019une marque ne peut s\u2019opposer \u00e0 la revente, en France, de dispositifs m\u00e9dicaux r\u00e9guli\u00e8rement mis sur le march\u00e9 dans un autre \u00c9tat membre de l\u2019Union europ\u00e9enne avec son consentement. En l\u2019absence de preuve d\u2019une atteinte \u00e0 la renomm\u00e9e de la marque ou de conditions de commercialisation d\u00e9gradantes, aucun \u00ab motif l\u00e9gitime \u00bb ne peut \u00eatre retenu.<\/div><\/li>\n<li><a class=\"wp-block-latest-posts__post-title\" href=\"https:\/\/www.droit-dentaire.fr\/index.php\/2026\/01\/27\/veille-levocation-dune-faute\/\">[Veille] L&rsquo;\u00e9vocation d&rsquo;une faute<\/a><time datetime=\"2026-01-27T21:58:20+01:00\" class=\"wp-block-latest-posts__post-date\">27 janvier 2026<\/time><div class=\"wp-block-latest-posts__post-excerpt\">La reconnaissance de la responsabilit\u00e9 m\u00e9dicale du professionnel de sant\u00e9 repose, entre autre, sur l&rsquo;existence d&rsquo;une faute (qu&rsquo;elle soit technique ou non technique). Mais cette faute doit \u00eatre prouv\u00e9e : la simple \u00e9vocation d&rsquo;une faute par l&rsquo;expert, sans d\u00e9monstration solide de sa part, n&rsquo;est pas suffisante pour engager la responsabilit\u00e9 d&rsquo;un praticien. <\/div><\/li>\n<li><a class=\"wp-block-latest-posts__post-title\" href=\"https:\/\/www.droit-dentaire.fr\/index.php\/2026\/01\/18\/veille-code-ape-et-activite-principale\/\">[Veille] Code APE et activit\u00e9 principale<\/a><time datetime=\"2026-01-18T15:19:48+01:00\" class=\"wp-block-latest-posts__post-date\">18 janvier 2026<\/time><div class=\"wp-block-latest-posts__post-excerpt\">Un centre dentaire mutualiste peut-il \u00e9carter l\u2019application de la convention collective nationale des cabinets dentaires au moyen d\u2019un changement de rattachement administratif ? Tel est l\u2019objet d\u2019un arr\u00eat de la Cour de cassation du 7 janvier 2026, dans une affaire dont les enjeux sont loin d\u2019\u00eatre anodins pour un chirurgien-dentiste salari\u00e9.<\/div><\/li>\n<li><a class=\"wp-block-latest-posts__post-title\" href=\"https:\/\/www.droit-dentaire.fr\/index.php\/2026\/01\/09\/veille-la-plaie\/\">[Veille] La plaie !<\/a><time datetime=\"2026-01-09T17:14:33+01:00\" class=\"wp-block-latest-posts__post-date\">9 janvier 2026<\/time><div class=\"wp-block-latest-posts__post-excerpt\">Quelle responsabilit\u00e9 en mati\u00e8re de l\u00e9sions indirectes \u00e0 l&rsquo;issue de soins dentaire ? Une d\u00e9cision du tribunal judiciaire de Toulon aborde le cas d&rsquo;une atteinte labiale caus\u00e9e par une extraction de dents de sagesse r\u00e9alis\u00e9e sous anesth\u00e9sie g\u00e9n\u00e9rale.<\/div><\/li>\n<li><a class=\"wp-block-latest-posts__post-title\" href=\"https:\/\/www.droit-dentaire.fr\/index.php\/2026\/01\/03\/veille-insuffisance\/\">[Veille] Insuffisance<\/a><time datetime=\"2026-01-03T14:59:29+01:00\" class=\"wp-block-latest-posts__post-date\">3 janvier 2026<\/time><div class=\"wp-block-latest-posts__post-excerpt\">Le pr\u00e9sent article de veille aborde deux d\u00e9cisions du Conseil d\u2019\u00c9tat rendues le 30 d\u00e9cembre 2025, qui illustrent le contr\u00f4le exerc\u00e9 par le juge administratif sur les mesures ordinales fond\u00e9es sur l\u2019insuffisance professionnelle.<\/div><\/li>\n<li><a class=\"wp-block-latest-posts__post-title\" href=\"https:\/\/www.droit-dentaire.fr\/index.php\/2025\/12\/29\/veille-communication-du-dossier-medical\/\">[Veille] Communication du dossier m\u00e9dical<\/a><time datetime=\"2025-12-29T14:35:31+01:00\" class=\"wp-block-latest-posts__post-date\">29 d\u00e9cembre 2025<\/time><div class=\"wp-block-latest-posts__post-excerpt\">Le dossier m\u00e9dical constitue un \u00e9l\u00e9ment central de la relation de soins, tant pour le patient que pour le professionnel de sant\u00e9. S\u2019il fait l\u2019objet d\u2019un encadrement r\u00e9glementaire exhaustif, certaines situations pratiques r\u00e9v\u00e8lent encore des zones d\u2019incertitude, notamment en mati\u00e8re de conservation et de communication des dossiers en exercice lib\u00e9ral. Une d\u00e9cision r\u00e9cente de la cour d\u2019appel de Versailles apporte un \u00e9clairage int\u00e9ressant sur les limites des injonctions de communication sous astreinte lorsque le praticien ne d\u00e9tient plus le dossier m\u00e9dical.<\/div><\/li>\n<li><a class=\"wp-block-latest-posts__post-title\" href=\"https:\/\/www.droit-dentaire.fr\/index.php\/2025\/10\/31\/veille-carcinome-epidermoide-et-responsabilite\/\">[Veille] Carcinome \u00e9pidermo\u00efde et responsabilit\u00e9<\/a><time datetime=\"2025-10-31T16:37:32+01:00\" class=\"wp-block-latest-posts__post-date\">31 octobre 2025<\/time><div class=\"wp-block-latest-posts__post-excerpt\">Lorsqu\u2019une pathologie grave se d\u00e9clenche peu apr\u00e8s des soins dentaires, deux probl\u00e9matiques peuvent se poser en mati\u00e8re de recherche de la responsabilit\u00e9 m\u00e9dicale\u00a0: le lien de causalit\u00e9 entre la pathologie et les soins et la notion de perte de chance, d\u00e8s lors qu\u2019un diagnostic aurait pu \u00eatre pos\u00e9 par le chirurgien-dentiste au moment de sa prise en charge.<\/div><\/li>\n<li><a class=\"wp-block-latest-posts__post-title\" href=\"https:\/\/www.droit-dentaire.fr\/index.php\/2025\/10\/08\/facettes-et-tva\/\">[Veille] Facettes et TVA<\/a><time datetime=\"2025-10-08T18:12:00+02:00\" class=\"wp-block-latest-posts__post-date\">8 octobre 2025<\/time><div class=\"wp-block-latest-posts__post-excerpt\">Dans un arr\u00eat du 26 septembre 2025, la CCA de Paris rappelle que la pose de facettes c\u00e9ramiques \u00e0 vis\u00e9e esth\u00e9tique ne constitue pas un acte \u00e0 finalit\u00e9 th\u00e9rapeutique au sens de l\u2019article 261 CGI. En cons\u00e9quence, ces prestations ne peuvent b\u00e9n\u00e9ficier de l\u2019exon\u00e9ration de TVA applicable aux soins dispens\u00e9s aux personnes.<\/div><\/li>\n<\/ul><\/div>\n<\/div>\n\n\n\n<h3 class=\"wp-block-heading alignwide has-text-align-left\">Les actualit\u00e9s<\/h3>\n\n\n\n<div class=\"wp-block-columns alignwide is-layout-flex wp-container-core-columns-is-layout-28f84493 wp-block-columns-is-layout-flex\">\n<div class=\"wp-block-column is-layout-flow wp-block-column-is-layout-flow\"><ul class=\"wp-block-latest-posts__list is-grid columns-2 has-dates wp-block-latest-posts\"><li><a class=\"wp-block-latest-posts__post-title\" href=\"https:\/\/www.droit-dentaire.fr\/index.php\/2024\/06\/12\/actu-depense-en-soins-dentaires\/\">[Actu] D\u00e9pense en soins dentaires<\/a><time datetime=\"2024-06-12T21:23:00+02:00\" class=\"wp-block-latest-posts__post-date\">12 juin 2024<\/time><div class=\"wp-block-latest-posts__post-excerpt\">L\u2019Assurance maladie a annonc\u00e9 fin mai une diminution des d\u00e9penses de soins dentaires de 5,6% en avril 2024 par rapport \u00e0 avril 2023. Il convient toutefois d&rsquo;\u00eatre prudent face \u00e0 une telle annonce.<\/div><\/li>\n<li><a class=\"wp-block-latest-posts__post-title\" href=\"https:\/\/www.droit-dentaire.fr\/index.php\/2023\/12\/17\/centres-dentaires-et-offre-de-soins-un-avenant\/\">[Actu] Centres dentaires et offre de soins : un avenant<\/a><time datetime=\"2023-12-17T11:53:39+01:00\" class=\"wp-block-latest-posts__post-date\">17 d\u00e9cembre 2023<\/time><div class=\"wp-block-latest-posts__post-excerpt\">Le 30 novembre 2023, les repr\u00e9sentants des\u00a0centres\u00a0de\u00a0sant\u00e9\u00a0et l\u2019Assurance maladie ont sign\u00e9 un avenant qui pr\u00e9voit de revoir le mod\u00e8le \u00e9conomique de ces structures, d\u00e8s 2024. La mesure phare de cet avenant concerne la r\u00e9partition de l&rsquo;offre de soins dentaires sur le territoire. Quelques rappels Il y a plus de 10 ans, en 2009, la loi\u2026 <a class=\"wp-block-latest-posts__read-more\" href=\"https:\/\/www.droit-dentaire.fr\/index.php\/2023\/12\/17\/centres-dentaires-et-offre-de-soins-un-avenant\/\" rel=\"noopener noreferrer\">Lire la suite<span class=\"screen-reader-text\">\u00a0: [Actu] Centres dentaires et offre de soins : un avenant<\/span><\/a><\/div><\/li>\n<li><a class=\"wp-block-latest-posts__post-title\" href=\"https:\/\/www.droit-dentaire.fr\/index.php\/2023\/11\/17\/veille-deremboursement-des-soins-dentaires-des-reponses-vraiment\/\">[Actu] D\u00e9remboursement des soins dentaires : des r\u00e9ponses, vraiment ?<\/a><time datetime=\"2023-11-17T14:15:58+01:00\" class=\"wp-block-latest-posts__post-date\">17 novembre 2023<\/time><div class=\"wp-block-latest-posts__post-excerpt\">L&rsquo;annonce brutale du d\u00e9remboursement partiel des soins dentaires par l&rsquo;Assurance maladie, \u00e0 l&rsquo;\u00e9t\u00e9 2023, a suscit\u00e9 de la part des parlementaires fran\u00e7ais une lev\u00e9e de boucliers. Le minist\u00e8re de la sant\u00e9, questionn\u00e9 par plusieurs d\u00e9put\u00e9s, a r\u00e9pondu \u00e0 ces derniers bien tardivement et de mani\u00e8re particuli\u00e8rement originale, puisqu&rsquo;elle a adress\u00e9 une unique r\u00e9ponse \u00e0 toutes les questions pos\u00e9e. Mais au-del\u00e0 de la forme, c&rsquo;est bien le fond qui m\u00e9rite toute l&rsquo;attention ici.<\/div><\/li>\n<li><a class=\"wp-block-latest-posts__post-title\" href=\"https:\/\/www.droit-dentaire.fr\/index.php\/2023\/10\/25\/actu-revalorisation-des-retraites-hu\/\">[Actu] Revalorisation des retraites HU<\/a><time datetime=\"2023-10-25T09:25:01+02:00\" class=\"wp-block-latest-posts__post-date\">25 octobre 2023<\/time><div class=\"wp-block-latest-posts__post-excerpt\">\u00c0 l&rsquo;issue d&rsquo;une r\u00e9union avec les ministres de tutelle Aur\u00e9lien Rousseau et Sylvie Retailleau, le pr\u00e9sident de la conf\u00e9rence des doyens des facult\u00e9s d&rsquo;Odontologie, a indiqu\u00e9 un arbitrage favorable sur la retraite hospitali\u00e8re des personnels hospitalo-universitaires titulaires.<\/div><\/li>\n<li><a class=\"wp-block-latest-posts__post-title\" href=\"https:\/\/www.droit-dentaire.fr\/index.php\/2023\/10\/01\/actu-la-cour-dappel-de-paris-valide-la-sanction-de-lautorite-de-la-concurrence\/\">[Actu] La Cour d&rsquo;appel de Paris valide la sanction de l&rsquo;Autorit\u00e9 de la Concurrence<\/a><time datetime=\"2023-10-01T20:49:01+02:00\" class=\"wp-block-latest-posts__post-date\">1 octobre 2023<\/time><div class=\"wp-block-latest-posts__post-excerpt\">Dans un arr\u00eat du 14 septembre 2023, la Cour d&rsquo;appel de Paris a rejet\u00e9 le recours d\u00e9pos\u00e9 contre la d\u00e9cision de l&rsquo;Autorit\u00e9 de la concurrence du 12 novembre 2020<\/div><\/li>\n<li><a class=\"wp-block-latest-posts__post-title\" href=\"https:\/\/www.droit-dentaire.fr\/index.php\/2023\/09\/26\/actu-donnees-de-sinistralite-de-la-macsf-2022\/\">[Actu] Donn\u00e9es de sinistralit\u00e9 de la MACSF &#8211; 2022<\/a><time datetime=\"2023-09-26T18:00:18+02:00\" class=\"wp-block-latest-posts__post-date\">26 septembre 2023<\/time><div class=\"wp-block-latest-posts__post-excerpt\">Rapport annuel de sinistralit\u00e9 des chirurgiens-dentistes assur\u00e9s aupr\u00e8s de la MACSF. Donn\u00e9es de l&rsquo;ann\u00e9e 2022.<\/div><\/li>\n<\/ul><\/div>\n<\/div>\n\n\n\n<h3 class=\"wp-block-heading alignwide\">La formation<\/h3>\n\n\n\n<div class=\"wp-block-columns alignwide is-layout-flex wp-container-core-columns-is-layout-28f84493 wp-block-columns-is-layout-flex\">\n<div class=\"wp-block-column is-layout-flow wp-block-column-is-layout-flow\"><ul class=\"wp-block-latest-posts__list is-grid columns-2 has-dates wp-block-latest-posts\"><li><a class=\"wp-block-latest-posts__post-title\" href=\"https:\/\/www.droit-dentaire.fr\/index.php\/2023\/09\/27\/quel-du-dexpertise-en-chirurgie-dentaire-choisir\/\">Quel DU d&rsquo;expertise en chirurgie-dentaire choisir ?<\/a><time datetime=\"2023-09-27T19:06:37+02:00\" class=\"wp-block-latest-posts__post-date\">27 septembre 2023<\/time><div class=\"wp-block-latest-posts__post-excerpt\">S\u2019ils constituent la r\u00e9f\u00e9rence des formations pour devenir expert, tous les dipl\u00f4mes universitaires (DU) ne se valent pas. Comment choisir ?<\/div><\/li>\n<\/ul><\/div>\n<\/div>\n","protected":false},"excerpt":{"rendered":"<p>Les articles Retrouvez les derni\u00e8res actualit\u00e9s et la veille juridique en mati\u00e8re de chirurgie-dentaire sur cette page. Les publications sont class\u00e9es en diff\u00e9rentes cat\u00e9gories : veille juridique, actualit\u00e9s, formation. La veille juridique Les actualit\u00e9s La formation<\/p>\n","protected":false},"author":1,"featured_media":0,"parent":0,"menu_order":0,"comment_status":"closed","ping_status":"closed","template":"","meta":{"footnotes":""},"class_list":["post-107","page","type-page","status-publish","hentry"],"_links":{"self":[{"href":"https:\/\/www.droit-dentaire.fr\/index.php\/wp-json\/wp\/v2\/pages\/107","targetHints":{"allow":["GET"]}}],"collection":[{"href":"https:\/\/www.droit-dentaire.fr\/index.php\/wp-json\/wp\/v2\/pages"}],"about":[{"href":"https:\/\/www.droit-dentaire.fr\/index.php\/wp-json\/wp\/v2\/types\/page"}],"author":[{"embeddable":true,"href":"https:\/\/www.droit-dentaire.fr\/index.php\/wp-json\/wp\/v2\/users\/1"}],"replies":[{"embeddable":true,"href":"https:\/\/www.droit-dentaire.fr\/index.php\/wp-json\/wp\/v2\/comments?post=107"}],"version-history":[{"count":12,"href":"https:\/\/www.droit-dentaire.fr\/index.php\/wp-json\/wp\/v2\/pages\/107\/revisions"}],"predecessor-version":[{"id":502,"href":"https:\/\/www.droit-dentaire.fr\/index.php\/wp-json\/wp\/v2\/pages\/107\/revisions\/502"}],"wp:attachment":[{"href":"https:\/\/www.droit-dentaire.fr\/index.php\/wp-json\/wp\/v2\/media?parent=107"}],"curies":[{"name":"wp","href":"https:\/\/api.w.org\/{rel}","templated":true}]}}